{"id":4122,"date":"2025-01-22T11:22:48","date_gmt":"2025-01-22T10:22:48","guid":{"rendered":"https:\/\/www.hasici-jivina.cz\/?page_id=4122"},"modified":"2025-10-08T15:31:11","modified_gmt":"2025-10-08T13:31:11","slug":"seznam-vsech-fotoalb","status":"publish","type":"page","link":"https:\/\/www.hasici-jivina.cz\/?page_id=4122","title":{"rendered":"Seznam v\u0161ech fotoalb a vide\u00ed"},"content":{"rendered":"\n<p><\/p>\n\n\n\n<p>V\u0161echna <strong>videa<\/strong> jsou dostupn\u00e1 na <a href=\"https:\/\/www.youtube.com\/@sdhjivinauhorovic3773\/videos\"><strong>na\u0161em kan\u00e1lu Youtube<\/strong><\/a><\/p>\n\n\n\n<p class=\"has-medium-font-size\"><strong><span style=\"text-decoration: underline;\">Fotoalba:<\/span><\/strong><\/p>\n\n\n\n<p><\/p>\n\n\n\n<p><strong>2025:<\/strong><br><a href=\"https:\/\/photos.app.goo.gl\/7aCGBkN43GbbiX9w5\">Oslavy 145 let SDH Broumy, 14.9.2025<\/a><\/p>\n\n\n\n<p><strong>2023<\/strong>:<br><a href=\"https:\/\/photos.app.goo.gl\/E96fXWSQog6JFkEe7\" target=\"_blank\" rel=\"noreferrer noopener\">Oslavy 100 let SDH Jivina, 26.8.2023<\/a> (foto: Ji\u0159\u00ed Vavroch)<br><a href=\"https:\/\/photos.app.goo.gl\/QyPEZUoV6xagRnQh9\" target=\"_blank\" rel=\"noreferrer noopener\">Oslavy 100 let SDH Jivina, 26.8.2023<\/a> (foto: Alexandr Chytil)<br><a href=\"https:\/\/photos.app.goo.gl\/2fpXmT5pvLDDyaPx7\" target=\"_blank\" rel=\"noreferrer noopener\">Nov\u00fd n\u00e1st\u0159ik trambusu &#8211; 16.7. &#8211; 2.8.2023<\/a><br><a href=\"https:\/\/photos.app.goo.gl\/mZBDuhKdW4qe5Pr69\" target=\"_blank\" rel=\"noreferrer noopener\">Focen\u00ed ko\u0148ky 27.6.2023<\/a><br><a href=\"https:\/\/photos.app.goo.gl\/t464JZtk9zuXgPGs8\">\u017delezn\u00e1 ned\u011ble &#8211; 25.6.2023<\/a><br><a href=\"https:\/\/photos.app.goo.gl\/fHE7bcE3gJxWsCrk9\">Brig\u00e1da (11.6.2023)<\/a><br><a href=\"https:\/\/photos.app.goo.gl\/resAUJDQyhUdZvjc8\">Velk\u00e1 cena Ho\u0159ovic &#8211; statick\u00e1 uk\u00e1zka GAZelly &#8211; 27.4.2023<\/a><br><a href=\"https:\/\/photos.app.goo.gl\/AaJghXbxz66pahnk8\">Brig\u00e1da &#8211; 25.4.2023 (\u010di\u0161t\u011bn\u00ed dren\u00e1\u017ee u zaje\u010dovsk\u00e9 cesty)<\/a><br><a href=\"https:\/\/photos.app.goo.gl\/Q8xV4erpCsm3bFEE7\">Brig\u00e1da &#8211; 16.4.2023 (\u010di\u0161t\u011bn\u00ed dren\u00e1\u017ee u zaje\u010dovsk\u00e9 cesty)<\/a><br><a href=\"https:\/\/photos.app.goo.gl\/9ziDtvVpC4kRdNrH8\">D\u00e1lkov\u00e1 doprava vody (25.3.2023)<\/a><\/p>\n\n\n\n<p><strong>2022<\/strong>:<br><a href=\"https:\/\/photos.app.goo.gl\/192okpf1otEoFA6s8\">P\u0159\u00edjezd nov\u00e9ho DA GAZ Gazelle (16.10.2022)<\/a><br><a href=\"https:\/\/photos.app.goo.gl\/SkSXKiJDKvFhGm2K8\">Brig\u00e1da 16.10.2022 (\u010di\u0161t\u011bn\u00ed obecn\u00ed kanalizace)<\/a><\/p>\n\n\n\n<p><strong>2021<\/strong>:<br><a href=\"https:\/\/photos.app.goo.gl\/ntQTcxXmyxhvqrh86\">Draki\u00e1da &#8211; 6.11.2021<\/a><br><a href=\"https:\/\/photos.app.goo.gl\/P6TPwPTJkg2qyRVd9\">Ukon\u010den\u00ed pr\u00e1zdnin &#8211; 28.8.2021<\/a><\/p>\n\n\n\n<p><strong>2020<\/strong>:<br><a href=\"https:\/\/photos.app.goo.gl\/aR2uZYysrTMjHxvy7\">Ukon\u010den\u00ed pr\u00e1zdnin &#8211; 29.8.2020<\/a><br><a href=\"https:\/\/photos.app.goo.gl\/nJnZVgJZ4kfsMyfMA\">Brig\u00e1da 24.6.2020<\/a><br><a href=\"https:\/\/photos.app.goo.gl\/8bUxFH9hKHifW4Sn9\">Hasi\u010dsk\u00fd ples &#8211; 21.2.2020<\/a><br><a href=\"https:\/\/photos.app.goo.gl\/pNeeoYN2vK9tCHXr6\">Valn\u00e1 hromada &#8211; 25.1.2020<\/a><\/p>\n\n\n\n<p><strong>2019<\/strong>:<br><a href=\"https:\/\/photos.app.goo.gl\/arZ7rgmebLkD2F1L9\">Draki\u00e1da &#8211; 4.11.2019<\/a><br><a href=\"https:\/\/photos.app.goo.gl\/nsLCc17T3ct2M8My8\">Ukon\u010den\u00ed pr\u00e1zdnin &#8211; 31.8.2019<\/a><br><a href=\"https:\/\/photos.app.goo.gl\/dXiD3uCzXyUvBDYz6\">D\u011btsk\u00fd t\u00e1bor ve Smetanov\u011b Lhot\u011b &#8211; 18.8.2019<\/a><br><a href=\"https:\/\/photos.app.goo.gl\/T3ZxqETvjWYRbQMh6\">Cvi\u010den\u00ed z\u00e1chrana osob z vodn\u00ed hladiny &#8211; 19.7.2019<\/a><br><a href=\"https:\/\/photos.app.goo.gl\/DSktSu3YUciCig248\">Brig\u00e1da &#8211; \u010di\u0161t\u011bn\u00ed hasi\u010dsk\u00e9 n\u00e1dr\u017ee &#8211; 8.4.2019<\/a><br><a href=\"https:\/\/photos.app.goo.gl\/tXAxybhca99546co8\">\u0160kolen\u00ed obsluhy motorov\u00fdch pil &#8211; 22.-24.2.2019<\/a><br><a href=\"https:\/\/photos.app.goo.gl\/gnXmLF9jtfaLMEZr9\">Cvi\u010den\u00ed &#8222;Z\u00e1chrana osob z ledu&#8220; &#8211; 15.2.2019<\/a><br><a href=\"https:\/\/photos.app.goo.gl\/wdv1NPcX6v1z7Jty5\">Valn\u00e1 hromada &#8211; 26.1.2019<\/a><\/p>\n\n\n\n<p><strong>2018<\/strong>:<br><a href=\"https:\/\/photos.app.goo.gl\/FCEK8k3XWtZ9iC8m9\">Draki\u00e1da &#8211; 3.11.2018<\/a><br><a href=\"https:\/\/photos.app.goo.gl\/LAGsmkmZdqkZxRmUA\">Oslavy 90. let zalo\u017een\u00ed SDH Chaloupky &#8211; 22.9.2018<\/a><br><a href=\"https:\/\/photos.app.goo.gl\/23aHGJtV1jiENczM9\">Ukon\u010den\u00ed pr\u00e1zdnin (1.9.2018)<\/a><br><br><strong>2017<\/strong>:<br><a href=\"https:\/\/photos.app.goo.gl\/qK8CebSEdTKf1GMo8\">Oslavy 130 let SDH Ch\u0159\u00ed\u010d &#8211; Studen\u00e1 &#8211; 16.9.2017<\/a><br><a href=\"https:\/\/photos.app.goo.gl\/9EULwtY3gNTxzKQeA\">Memori\u00e1l M. Voj\u010de, Cheznovice &#8211; 9.9.2017<\/a><\/p>\n\n\n\n<p><strong>2016<\/strong>:<br><a href=\"https:\/\/photos.app.goo.gl\/cgNBWkdaSrYUEpHC9\">Oslava 110 let hasi\u010d\u016f Kom\u00e1rov &#8211; 17.9.2016<\/a><br><a href=\"https:\/\/photos.app.goo.gl\/jDXUZv8tJdo6cZPY6\">Vy\u010derp\u00e1n\u00ed n\u00e1dr\u017ee &#8211; 4.6.2016<\/a><br><a href=\"https:\/\/photos.app.goo.gl\/5sXCq2uiVKoVPLjz6\">Zji\u0161t\u011bn\u00ed stavu hr\u00e1ze a ut\u011bsn\u011bn\u00ed p\u011bnou &#8211; 5.6.2016<\/a><\/p>\n\n\n\n<p><strong>2014<\/strong>:<br><a href=\"https:\/\/photos.app.goo.gl\/pLYowgeTwH7DZLPW6\">Rok po povodni -Lu\u017eec n. Vlt &#8211; 20.9.2014<\/a><br><a href=\"https:\/\/photos.app.goo.gl\/EoEZQdUnW5ggantd8\">PRDCUP Bujesily &#8211; 30.8.2014<\/a><br><a href=\"https:\/\/photos.app.goo.gl\/zxQY1dLGw6tHh1nc6\">Slavnostn\u00ed otev\u0159en\u00ed gar\u00e1\u017ee &#8211; 28.6.2014<\/a><\/p>\n\n\n\n<p><strong>2013<\/strong>:<br><a href=\"http:\/\/Oslavy 90.let SDH Jivina 31.8.2013\">Oslavy 90.let SDH Jivina 31.8.2013<\/a><br><a href=\"https:\/\/photos.app.goo.gl\/CmXREH48eYV7szC37\">Povodn\u011b Lu\u017eec nad Vltavou &#8211; 6.6.2013<\/a><br><a href=\"https:\/\/photos.app.goo.gl\/hno5Np6UeCHEhmze7\">VH Caloupky &#8211; 5.1.2013<\/a><\/p>\n\n\n\n<p><strong>2012<\/strong>:<br><a href=\"https:\/\/photos.app.goo.gl\/FWvo1CXwVjSsHRU9A\">Hvozdce &#8211; 8.9.2012<\/a><br><br><strong>2010<\/strong>:<br><a href=\"https:\/\/photos.app.goo.gl\/yH89HUjUrMSxs91B8\">Memori\u00e1l J. Pose a J. K\u016ftka &#8211; 5.8.2010<\/a><br><a href=\"https:\/\/photos.app.goo.gl\/zxmtxoJcVG4FvCxaA\">Odvoz st\u0159\u00edka\u010dky do Zbiroha &#8211; 22.4.2010<\/a><\/p>\n\n\n\n<p><strong>2009<\/strong>:<br><a href=\"https:\/\/photos.app.goo.gl\/Fsm2iXW6bfkGrsa2A\">M\u00e1je &#8211; 1.5.2009<\/a><\/p>\n\n\n\n<p><strong>2008<\/strong>:<br><a href=\"https:\/\/photos.app.goo.gl\/HGWNHohPbPy1auUb7\">Rekonstrukce vozu Avia 21T Furgon &#8211; 2008<\/a><br><a href=\"https:\/\/photos.app.goo.gl\/turGoyqpCyKpcHMY9\">Lampi\u00f3nov\u00fd pr\u016fvod &#8211; 17.11.2008<\/a><br><a href=\"https:\/\/photos.app.goo.gl\/W81VVG5RpBouJhCZ8\">Draki\u00e1da &#8211; 25.10.2008<\/a><br><a href=\"https:\/\/photos.app.goo.gl\/V1DoybmnKvBWgRZN9\">Memori\u00e1l M.Voj\u010de, Cheznovice &#8211; 13.9.2008<\/a><br><a href=\"https:\/\/photos.app.goo.gl\/wAEQ9GGfRPsGYWsR7\">V\u00edt\u00e1n\u00ed pr\u00e1zdnin &#8211; 28.6.2008<\/a><br><a href=\"https:\/\/photos.app.goo.gl\/KiqCiqoiGtp4AEM2A\">Fotky ARO (GAZ) &#8211; 21.6.2008<\/a><br><a href=\"https:\/\/photos.app.goo.gl\/ZTetA94Z87SUE6sF7\">Zaje\u010dov &#8211; 17.5.2008<\/a><br><a href=\"https:\/\/photos.app.goo.gl\/m5atjye1yjqPiCqQ6\">Cheznovice &#8211; 3.5.2008<\/a><\/p>\n\n\n\n<p><strong>2007<\/strong>:<br><a href=\"https:\/\/photos.app.goo.gl\/DeQHX76esWqdftsW8\">D\u00e1lkov\u00e1 doprava vody na Jivinskou horu &#8211; 22.5.2007<\/a><br><a href=\"https:\/\/photos.app.goo.gl\/HGihyStk9KX96YLC7\">M\u00e1je &#8211; 1.5.2007<\/a><\/p>\n\n\n\n<p><strong>2006<\/strong>:<br><a href=\"https:\/\/photos.app.goo.gl\/3Axx6kYVx4g2PACfA\">M\u00e1je &#8211; 1.5.2006<\/a><\/p>\n\n\n\n<p><strong>2005<\/strong>:<br><a href=\"https:\/\/photos.app.goo.gl\/PRzFSF9TwLQypgCm6\">M\u00e1je &#8211; 1.5.2005<\/a><br><\/p>\n\n\n\n<p><strong>Star\u0161\u00ed fotografie<\/strong>:<br><a href=\"https:\/\/photos.app.goo.gl\/rNReK5Fkk4jBV17R9\" target=\"_blank\" rel=\"noreferrer noopener\">Historick\u00e9 fotografie (1953 &#8211; 2000)<\/a> <br><a href=\"https:\/\/photos.app.goo.gl\/BKwnMuahbra3BNsJA\" target=\"_blank\" rel=\"noreferrer noopener\">\u017dupn\u00ed sjezd hasi\u010dstva &#8211; 9.6.1935<\/a><\/p>\n\n\n\n<p><\/p>\n","protected":false},"excerpt":{"rendered":"<p>V\u0161echna videa jsou dostupn\u00e1 na na\u0161em kan\u00e1lu Youtube Fotoalba: 2025:Oslavy 145 let SDH Broumy, 14.9.2025 2023:Oslavy 100 let SDH Jivina,<\/p>\n","protected":false},"author":1,"featured_media":0,"parent":0,"menu_order":0,"comment_status":"closed","ping_status":"closed","template":"","meta":{"footnotes":""},"class_list":["post-4122","page","type-page","status-publish","hentry"],"_links":{"self":[{"href":"https:\/\/www.hasici-jivina.cz\/index.php?rest_route=\/wp\/v2\/pages\/4122","targetHints":{"allow":["GET"]}}],"collection":[{"href":"https:\/\/www.hasici-jivina.cz\/index.php?rest_route=\/wp\/v2\/pages"}],"about":[{"href":"https:\/\/www.hasici-jivina.cz\/index.php?rest_route=\/wp\/v2\/types\/page"}],"author":[{"embeddable":true,"href":"https:\/\/www.hasici-jivina.cz\/index.php?rest_route=\/wp\/v2\/users\/1"}],"replies":[{"embeddable":true,"href":"https:\/\/www.hasici-jivina.cz\/index.php?rest_route=%2Fwp%2Fv2%2Fcomments&post=4122"}],"version-history":[{"count":12,"href":"https:\/\/www.hasici-jivina.cz\/index.php?rest_route=\/wp\/v2\/pages\/4122\/revisions"}],"predecessor-version":[{"id":4174,"href":"https:\/\/www.hasici-jivina.cz\/index.php?rest_route=\/wp\/v2\/pages\/4122\/revisions\/4174"}],"wp:attachment":[{"href":"https:\/\/www.hasici-jivina.cz\/index.php?rest_route=%2Fwp%2Fv2%2Fmedia&parent=4122"}],"curies":[{"name":"wp","href":"https:\/\/api.w.org\/{rel}","templated":true}]}}